{"id":190,"date":"2015-11-16T16:17:43","date_gmt":"2015-11-16T16:17:43","guid":{"rendered":"http:\/\/www.operacaophp.uff.br\/wordpress\/?page_id=2"},"modified":"2022-03-30T15:47:11","modified_gmt":"2022-03-30T15:47:11","slug":"apresentacao","status":"publish","type":"page","link":"http:\/\/icm.sites.uff.br\/?page_id=190","title":{"rendered":"Hist\u00f3rico do ICM"},"content":{"rendered":"<h3>\u00a0<\/h3>\n<p><span style=\"font-size: medium\"> <strong>Da chegada da UFF em Maca\u00e9 aos dias atuais<\/strong><br \/><span style=\"font-size: medium\"><br \/>A Universidade Federal Fluminense tem uma longa hist\u00f3ria de presen\u00e7a em Maca\u00e9 e oferece atualmente os Cursos de Bacharelado em Administra\u00e7\u00e3o, Ci\u00eancias Cont\u00e1beis e Direito. <\/span><\/span><\/p>\n<p><span style=\"font-size: medium\"><span style=\"font-size: medium\">Os cursos de gradua\u00e7\u00e3o em Administra\u00e7\u00e3o e em Ci\u00eancias Cont\u00e1beis foram instalados na cidade no ano de 1992, come\u00e7ando a funcionar em mar\u00e7o de 1993, por meio de um conv\u00eanio firmado com a Prefeitura Municipal de Maca\u00e9, atrav\u00e9s do sua Funda\u00e7\u00e3o Educacional de Maca\u00e9. Inicialmente, esses cursos funcionaram como uma extens\u00e3o de cursos de Niter\u00f3i, ligados \u00e0 Faculdade de Administra\u00e7\u00e3o e Ci\u00eancias Cont\u00e1beis. Complementado por aditivos, o conv\u00eanio perdurou at\u00e9 o ano de 2008, quando foi criado um novo conv\u00eanio entre as partes em substitui\u00e7\u00e3o ao antigo, vindo a ser assinado em mar\u00e7o de 2012. Juntamente com a assinatura do conv\u00eanio e sua aprova\u00e7\u00e3o pelo Conselho Universit\u00e1rio em 25 de julho de 2012 foi institu\u00eddo o\u00a0<em>campus<\/em>\u00a0da universidade em Maca\u00e9. O curso de gradua\u00e7\u00e3o em Direito foi instalado por conv\u00eanio entre a universidade e o Governo do Estado do Rio de Janeiro, atrav\u00e9s de sua Funda\u00e7\u00e3o Educacional Norte Fluminense, mantenedora da Universidade Estadual Norte Fluminense, em 2001, funcionando como uma extens\u00e3o do curso de gradua\u00e7\u00e3o da Faculdade de Direito de Niter\u00f3i at\u00e9 2005, quando foi abrigado pelo conv\u00eanio assinado sob a inger\u00eancia da Funda\u00e7\u00e3o Educacional de Maca\u00e9. <\/span><\/span><\/p>\n<p><span style=\"font-size: medium\"><span style=\"font-size: medium\">Em um movimento emancipat\u00f3rio, a cria\u00e7\u00e3o do Departamento de Direito de Maca\u00e9 ocorreu em 20 de janeiro de 2011 e a cria\u00e7\u00e3o do Departamento de Administra\u00e7\u00e3o e Contabilidade em Maca\u00e9 em 14 de abril de 2011, tendo este \u00faltimo se separado posteriormente em dois. A autonomia dos cursos com curr\u00edculo e grade pr\u00f3pria ocorreu em mar\u00e7o de 2013, quando foi criada a unidade independente com o nome de Instituto de Ci\u00eancias da Sociedade de Maca\u00e9 por ato\u00a0<em>ad referendum<\/em> do Magn\u00edfico Reitor exarado em 15 de maio de 2013 e homologado pelo Conselho Universit\u00e1rio em 18 de dezembro do mesmo ano. Recentemente, em 2019, criamos o Curso de Ci\u00eancias Cont\u00e1beis na modalidade \u00e0 dist\u00e2ncia pela Funda\u00e7\u00e3o Centro de Ci\u00eancias e Educa\u00e7\u00e3o Superior \u00e0 Dist\u00e2ncia do Estado do Rio de Janeiro.\u00a0<\/span><\/span><\/p>\n<p><span style=\"font-size: medium\"><span style=\"font-size: medium\">Ao longo desse per\u00edodo, chegaram novos professores e servidores administrativos para a unidade. Apenas em dezembro de 2015 aconteceram as primeiras elei\u00e7\u00f5es para escolha de diretor e vice-diretor do instituto. O tempo trouxe o pleno reconhecimento de sua autonomia pela reitoria da universidade. O instituto cresceu e se consolidou com a inaugura\u00e7\u00e3o de sua biblioteca em fevereiro de 2016 e a amplia\u00e7\u00e3o de seu acervo, a cria\u00e7\u00e3o de seu site institucional em junho de 2016, a chegada de novos servidores administrativos e professores, a elabora\u00e7\u00e3o e aprova\u00e7\u00e3o de seu Regimento Interno em setembro de 2017, a integral informatiza\u00e7\u00e3o do seu protocolo setorial em outubro de 2017, a cria\u00e7\u00e3o do logotipo pr\u00f3prio em outubro de 2017, o estabelecimento de uma comiss\u00e3o para a elabora\u00e7\u00e3o de um Plano de Desenvolvimento da Unidade em outubro de 2018, a instala\u00e7\u00e3o de um laborat\u00f3rio de inform\u00e1tica conclu\u00edda em julho de 2020, a inaugura\u00e7\u00e3o de um Escrit\u00f3rio de Pesquisa e Extens\u00e3o em novembro de 2020. Durante esses anos, a rela\u00e7\u00e3o de parceria com as outras institui\u00e7\u00f5es de ensino superior que dividem o espa\u00e7o na Cidade Universit\u00e1ria de Maca\u00e9 foi fundamental para o estabelecimento de uma cultura acad\u00eamica comum qualificada e frutuosa. <\/span><\/span><\/p>\n<p><span style=\"font-size: medium\"><span style=\"font-size: medium\">Atualmente, contamos com um Curso de P\u00f3s-Gradua\u00e7\u00e3o <em>Lato Sensu<\/em> de Resid\u00eancia Jur\u00eddica em Resolu\u00e7\u00e3o de Conflitos junto ao nosso Centro de Assist\u00eancia Jur\u00eddica (CAJUFF), que atende diretamente a popula\u00e7\u00e3o em diversas \u00e1reas advocat\u00edcias. Al\u00e9m disso, s\u00e3o v\u00e1rios os projetos de pesquisa e extens\u00e3o coordenados pelas nossas professoras e pelos nossos professores com grande inser\u00e7\u00e3o social na cidade e na regi\u00e3o, tais como o N\u00facleo de Apoio Cont\u00e1bil e Fiscal (NAF), que funciona em parceria com a Receita Federal e oferece atendimento \u00e0 popula\u00e7\u00e3o local, e as empresas juniores Destra Assessoria Jur\u00eddica J\u00fanior (Curso de Direito), Merx Assessoria J\u00fanior (Curso de Ci\u00eancias Cont\u00e1beis) e Constatar Consultoria J\u00fanior (Curso de Administra\u00e7\u00e3o).<\/span><\/span><\/p>\n<p><span style=\"font-size: medium\">Depois de muitos anos de intensa presen\u00e7a e atua\u00e7\u00e3o no munic\u00edpio, tivemos finalmente a inaugura\u00e7\u00e3o de uma sede pr\u00f3pria para o nosso instituto, consubstanciada na entrega e na inaugura\u00e7\u00e3o do Bloco D da Cidade Universit\u00e1ria de Maca\u00e9 em agosto de 2020. Constru\u00eddo com recursos da Prefeitura Municipal de Maca\u00e9, o pr\u00e9dio novo foi inteiramente adequado e equipado com recursos obtidos pela Universidade Federal Fluminense. A Lei Municipal n\u00ba 4.865 publicada em 18 de mar\u00e7o de 2022 autorizou a concess\u00e3o formal do direito de uso do edif\u00edcio.\u00a0<\/span><\/p>\n<p><span style=\"font-size: medium\"><span style=\"font-size: medium\">At\u00e9 mar\u00e7o de 2022, momento de \u00faltima atualiza\u00e7\u00e3o desta p\u00e1gina, a Universidade Federal Fluminense j\u00e1 havia formado na cidade de Maca\u00e9 671 juristas, 630 administradores e 457 contadores.<span style=\"font-size: medium\"><br \/><\/span><\/span><\/span><\/p>\n<p>\u00a0<\/p>\n\n\n<p><\/p>\n","protected":false},"excerpt":{"rendered":"<p>\u00a0 Da chegada da UFF em Maca\u00e9 aos dias atuaisA Universidade Federal Fluminense tem uma longa hist\u00f3ria de presen\u00e7a em Maca\u00e9 e oferece atualmente os Cursos de Bacharelado em Administra\u00e7\u00e3o, Ci\u00eancias Cont\u00e1beis e Direito. Os cursos de gradua\u00e7\u00e3o em Administra\u00e7\u00e3o e em Ci\u00eancias Cont\u00e1beis foram instalados na cidade no ano de 1992, come\u00e7ando a funcionar [&hellip;]<\/p>\n","protected":false},"author":1,"featured_media":0,"parent":0,"menu_order":0,"comment_status":"closed","ping_status":"closed","template":"","meta":{"_exactmetrics_skip_tracking":false,"_exactmetrics_sitenote_active":false,"_exactmetrics_sitenote_note":"","_exactmetrics_sitenote_category":0,"footnotes":""},"categories":[],"tags":[],"class_list":["post-190","page","type-page","status-publish","hentry"],"_links":{"self":[{"href":"http:\/\/icm.sites.uff.br\/index.php?rest_route=\/wp\/v2\/pages\/190","targetHints":{"allow":["GET"]}}],"collection":[{"href":"http:\/\/icm.sites.uff.br\/index.php?rest_route=\/wp\/v2\/pages"}],"about":[{"href":"http:\/\/icm.sites.uff.br\/index.php?rest_route=\/wp\/v2\/types\/page"}],"author":[{"embeddable":true,"href":"http:\/\/icm.sites.uff.br\/index.php?rest_route=\/wp\/v2\/users\/1"}],"replies":[{"embeddable":true,"href":"http:\/\/icm.sites.uff.br\/index.php?rest_route=%2Fwp%2Fv2%2Fcomments&post=190"}],"version-history":[{"count":12,"href":"http:\/\/icm.sites.uff.br\/index.php?rest_route=\/wp\/v2\/pages\/190\/revisions"}],"predecessor-version":[{"id":2759,"href":"http:\/\/icm.sites.uff.br\/index.php?rest_route=\/wp\/v2\/pages\/190\/revisions\/2759"}],"wp:attachment":[{"href":"http:\/\/icm.sites.uff.br\/index.php?rest_route=%2Fwp%2Fv2%2Fmedia&parent=190"}],"wp:term":[{"taxonomy":"category","embeddable":true,"href":"http:\/\/icm.sites.uff.br\/index.php?rest_route=%2Fwp%2Fv2%2Fcategories&post=190"},{"taxonomy":"post_tag","embeddable":true,"href":"http:\/\/icm.sites.uff.br\/index.php?rest_route=%2Fwp%2Fv2%2Ftags&post=190"}],"curies":[{"name":"wp","href":"https:\/\/api.w.org\/{rel}","templated":true}]}}